{"id":2022,"date":"2020-06-23T18:06:31","date_gmt":"2020-06-23T16:06:31","guid":{"rendered":"https:\/\/sophrologue64.fr\/?page_id=2022"},"modified":"2021-01-15T14:29:34","modified_gmt":"2021-01-15T13:29:34","slug":"la-sophrologie-en-groupe-ouvert","status":"publish","type":"page","link":"https:\/\/sophrologue64.fr\/index.php\/la-sophrologie-en-groupe-ouvert\/","title":{"rendered":"Groupe Ouvert"},"content":{"rendered":"<h2>la sophrologie en groupe ouvert<\/h2>\n<p>\t\t\t\t\t\t\t\t\t\t<img decoding=\"async\" width=\"500\" height=\"500\" src=\"https:\/\/sophrologue64.fr\/wp-content\/uploads\/2021\/01\/logo-remi-naissance.png\" alt=\"logo remi-naissance\" loading=\"lazy\" srcset=\"https:\/\/sophrologue64.fr\/wp-content\/uploads\/2021\/01\/logo-remi-naissance.png 500w, https:\/\/sophrologue64.fr\/wp-content\/uploads\/2021\/01\/logo-remi-naissance-300x300.png 300w, https:\/\/sophrologue64.fr\/wp-content\/uploads\/2021\/01\/logo-remi-naissance-150x150.png 150w\" sizes=\"auto, (max-width: 500px) 100vw, 500px\" \/><br \/>\n\t\t\t\t\t\t\t\t\t\t<img decoding=\"async\" width=\"849\" height=\"566\" src=\"https:\/\/sophrologue64.fr\/wp-content\/uploads\/2020\/06\/Sophrologie-seance-groupe.jpg\" alt=\"s\u00e9ance sophrologie en groupe\" loading=\"lazy\" srcset=\"https:\/\/sophrologue64.fr\/wp-content\/uploads\/2020\/06\/Sophrologie-seance-groupe.jpg 849w, https:\/\/sophrologue64.fr\/wp-content\/uploads\/2020\/06\/Sophrologie-seance-groupe-600x400.jpg 600w, https:\/\/sophrologue64.fr\/wp-content\/uploads\/2020\/06\/Sophrologie-seance-groupe-300x200.jpg 300w, https:\/\/sophrologue64.fr\/wp-content\/uploads\/2020\/06\/Sophrologie-seance-groupe-768x512.jpg 768w\" sizes=\"auto, (max-width: 849px) 100vw, 849px\" \/>\t\t\t\t\t\t\t\t\t\t\t<\/p>\n<p>Vous n\u2019avez pas d\u2019objectif individuel pr\u00e9cis mais vous souhaitez d\u00e9couvrir la sophrologie et vous accorder un vrai moment de bien \u00eatre? En ce cas la sophrologie en groupe ouvert vous permettra de d\u00e9couvrir \u00e0 moindre frais.<\/p>\n<p>En groupe ouvert, les participants vienne t au gr\u00e9 de leurs envies, de leurs disponibilit\u00e9s, en fonction du th\u00e8me abord\u00e9, par exemple:<\/p>\n<p>Lutter contre le stress au quotidien\u2026<\/p>\n<p>Booster la confiance en soi\u2026<\/p>\n<p>Am\u00e9liorer la qualit\u00e9 de son sommeil\u2026<\/p>\n<p>Apprendre \u00e0 l\u00e2cher prise\u2026<\/p>\n<p>Retrouver de la vitalit\u00e9\u2026<\/p>\n<p>La sophrologie en groupe ferm\u00e9 est accessible \u00e0 toutes et \u00e0 tous. Les s\u00e9ances peuvent \u00eatre organis\u00e9es pour tout organismes, entreprises ou associations. Ces s\u00e9ances ne n\u00e9cessitent qu\u2019une salle ainsi qu\u2019un tapis de sol par participant. Il est donc ais\u00e9 de les mettre en place. Il faut compter une heure pour chaque s\u00e9ance.<\/p>\n<p>Contactez-moi pour d\u00e9finir les objectifs, le nombre maximal de participants, etc\u2026<\/p>\n<p>\t\t\t<a href=\"https:\/\/sophrologue64.fr\/index.php\/contact\/\" role=\"button\"><br \/>\n\t\t\t\t\t\tContactez-moi<br \/>\n\t\t\t\t\t<\/a><\/p>\n<p>Retrouvez toute l\u2019actualit\u00e9 de la sophrologie sur ma page Facebook.<\/p>\n<p>\t\t\t\t\t\t\t\t\t\t\t<a href=\"https:\/\/www.facebook.com\/JanickSophrologue64990\/\"><br \/>\n\t\t\t\t\t\t\t<img decoding=\"async\" src=\"https:\/\/sophrologue64.fr\/wp-content\/uploads\/elementor\/thumbs\/logo-fb-orfzritlld63nu98afrg8ueeq07xmcp3mxgi2dfpnw.png\" title=\"logo-fb\" alt=\"Logo Facebook\" \/>\t\t\t\t\t\t\t\t<\/a><\/p>\n","protected":false},"excerpt":{"rendered":"<p>la sophrologie en groupe ouvert Vous n\u2019avez pas d\u2019objectif individuel pr\u00e9cis mais vous souhaitez d\u00e9couvrir la sophrologie et vous accorder un vrai moment de bien \u00eatre? En ce cas la sophrologie en groupe ouvert vous permettra de d\u00e9couvrir \u00e0 moindre frais. En groupe ouvert, les participants vienne t au gr\u00e9 de leurs envies, de leurs [&hellip;]<\/p>\n","protected":false},"author":1,"featured_media":0,"parent":0,"menu_order":0,"comment_status":"closed","ping_status":"closed","template":"","meta":{"_et_pb_use_builder":"","_et_pb_old_content":"","_et_gb_content_width":"","_monsterinsights_skip_tracking":false,"_monsterinsights_sitenote_active":false,"_monsterinsights_sitenote_note":"","_monsterinsights_sitenote_category":0,"_uf_show_specific_survey":0,"_uf_disable_surveys":false,"footnotes":""},"class_list":["post-2022","page","type-page","status-publish","hentry"],"yoast_head":"<!-- This site is optimized with the Yoast SEO plugin v27.5 - https:\/\/yoast.com\/product\/yoast-seo-wordpress\/ -->\n<title>La sophrologie en groupe ouvert - sophrologue64.fr<\/title>\n<meta name=\"description\" content=\"Vous n&#039;avez pas d&#039;objectif individuel pr\u00e9cis mais vous souhaitez d\u00e9couvrir la sophrologie en groupe ouvert et vous accorder un vrai moment de bien \u00eatre!\" \/>\n<meta name=\"robots\" content=\"index, follow, max-snippet:-1, max-image-preview:large, max-video-preview:-1\" \/>\n<link rel=\"canonical\" href=\"https:\/\/sophrologue64.fr\/index.php\/la-sophrologie-en-groupe-ouvert\/\" \/>\n<meta property=\"og:locale\" content=\"fr_FR\" \/>\n<meta property=\"og:type\" content=\"article\" \/>\n<meta property=\"og:title\" content=\"La sophrologie en groupe ouvert - sophrologue64.fr\" \/>\n<meta property=\"og:description\" content=\"Vous n&#039;avez pas d&#039;objectif individuel pr\u00e9cis mais vous souhaitez d\u00e9couvrir la sophrologie en groupe ouvert et vous accorder un vrai moment de bien \u00eatre!\" \/>\n<meta property=\"og:url\" content=\"https:\/\/sophrologue64.fr\/index.php\/la-sophrologie-en-groupe-ouvert\/\" \/>\n<meta property=\"og:site_name\" content=\"Janick TRENELLE Sophrologue\" \/>\n<meta property=\"article:publisher\" content=\"https:\/\/www.facebook.com\/janick.trenellegilleron\" \/>\n<meta property=\"article:modified_time\" content=\"2021-01-15T13:29:34+00:00\" \/>\n<meta property=\"og:image\" content=\"https:\/\/sophrologue64.fr\/wp-content\/uploads\/2021\/01\/logo-remi-naissance.png\" \/>\n<meta name=\"twitter:card\" content=\"summary_large_image\" \/>\n<meta name=\"twitter:label1\" content=\"Dur\u00e9e de lecture estim\u00e9e\" \/>\n\t<meta name=\"twitter:data1\" content=\"2 minutes\" \/>\n<script type=\"application\/ld+json\" class=\"yoast-schema-graph\">{\"@context\":\"https:\\\/\\\/schema.org\",\"@graph\":[{\"@type\":\"WebPage\",\"@id\":\"https:\\\/\\\/sophrologue64.fr\\\/index.php\\\/la-sophrologie-en-groupe-ouvert\\\/\",\"url\":\"https:\\\/\\\/sophrologue64.fr\\\/index.php\\\/la-sophrologie-en-groupe-ouvert\\\/\",\"name\":\"La sophrologie en groupe ouvert - sophrologue64.fr\",\"isPartOf\":{\"@id\":\"https:\\\/\\\/sophrologue64.fr\\\/#website\"},\"primaryImageOfPage\":{\"@id\":\"https:\\\/\\\/sophrologue64.fr\\\/index.php\\\/la-sophrologie-en-groupe-ouvert\\\/#primaryimage\"},\"image\":{\"@id\":\"https:\\\/\\\/sophrologue64.fr\\\/index.php\\\/la-sophrologie-en-groupe-ouvert\\\/#primaryimage\"},\"thumbnailUrl\":\"https:\\\/\\\/sophrologue64.fr\\\/wp-content\\\/uploads\\\/2021\\\/01\\\/logo-remi-naissance.png\",\"datePublished\":\"2020-06-23T16:06:31+00:00\",\"dateModified\":\"2021-01-15T13:29:34+00:00\",\"description\":\"Vous n'avez pas d'objectif individuel pr\u00e9cis mais vous souhaitez d\u00e9couvrir la sophrologie en groupe ouvert et vous accorder un vrai moment de bien \u00eatre!\",\"breadcrumb\":{\"@id\":\"https:\\\/\\\/sophrologue64.fr\\\/index.php\\\/la-sophrologie-en-groupe-ouvert\\\/#breadcrumb\"},\"inLanguage\":\"fr-FR\",\"potentialAction\":[{\"@type\":\"ReadAction\",\"target\":[\"https:\\\/\\\/sophrologue64.fr\\\/index.php\\\/la-sophrologie-en-groupe-ouvert\\\/\"]}]},{\"@type\":\"ImageObject\",\"inLanguage\":\"fr-FR\",\"@id\":\"https:\\\/\\\/sophrologue64.fr\\\/index.php\\\/la-sophrologie-en-groupe-ouvert\\\/#primaryimage\",\"url\":\"https:\\\/\\\/sophrologue64.fr\\\/wp-content\\\/uploads\\\/2021\\\/01\\\/logo-remi-naissance.png\",\"contentUrl\":\"https:\\\/\\\/sophrologue64.fr\\\/wp-content\\\/uploads\\\/2021\\\/01\\\/logo-remi-naissance.png\",\"width\":500,\"height\":500,\"caption\":\"logo remi-naissance\"},{\"@type\":\"BreadcrumbList\",\"@id\":\"https:\\\/\\\/sophrologue64.fr\\\/index.php\\\/la-sophrologie-en-groupe-ouvert\\\/#breadcrumb\",\"itemListElement\":[{\"@type\":\"ListItem\",\"position\":1,\"name\":\"Accueil\",\"item\":\"https:\\\/\\\/sophrologue64.fr\\\/\"},{\"@type\":\"ListItem\",\"position\":2,\"name\":\"Groupe Ouvert\"}]},{\"@type\":\"WebSite\",\"@id\":\"https:\\\/\\\/sophrologue64.fr\\\/#website\",\"url\":\"https:\\\/\\\/sophrologue64.fr\\\/\",\"name\":\"Janick TRENELLE Sophrologue\",\"description\":\"Votre sophrologue sur la c\u00f4te basque.\",\"publisher\":{\"@id\":\"https:\\\/\\\/sophrologue64.fr\\\/#organization\"},\"potentialAction\":[{\"@type\":\"SearchAction\",\"target\":{\"@type\":\"EntryPoint\",\"urlTemplate\":\"https:\\\/\\\/sophrologue64.fr\\\/?s={search_term_string}\"},\"query-input\":{\"@type\":\"PropertyValueSpecification\",\"valueRequired\":true,\"valueName\":\"search_term_string\"}}],\"inLanguage\":\"fr-FR\"},{\"@type\":\"Organization\",\"@id\":\"https:\\\/\\\/sophrologue64.fr\\\/#organization\",\"name\":\"Janick Sophrologue Villefranque\",\"url\":\"https:\\\/\\\/sophrologue64.fr\\\/\",\"logo\":{\"@type\":\"ImageObject\",\"inLanguage\":\"fr-FR\",\"@id\":\"https:\\\/\\\/sophrologue64.fr\\\/#\\\/schema\\\/logo\\\/image\\\/\",\"url\":\"https:\\\/\\\/sophrologue64.fr\\\/wp-content\\\/uploads\\\/2019\\\/10\\\/LOGO-LACT-ACTION.png\",\"contentUrl\":\"https:\\\/\\\/sophrologue64.fr\\\/wp-content\\\/uploads\\\/2019\\\/10\\\/LOGO-LACT-ACTION.png\",\"width\":2480,\"height\":3508,\"caption\":\"Janick Sophrologue Villefranque\"},\"image\":{\"@id\":\"https:\\\/\\\/sophrologue64.fr\\\/#\\\/schema\\\/logo\\\/image\\\/\"},\"sameAs\":[\"https:\\\/\\\/www.facebook.com\\\/janick.trenellegilleron\",\"https:\\\/\\\/www.linkedin.com\\\/in\\\/janick-gilleron-0751b5129\\\/\"]}]}<\/script>\n<!-- \/ Yoast SEO plugin. -->","yoast_head_json":{"title":"La sophrologie en groupe ouvert - sophrologue64.fr","description":"Vous n'avez pas d'objectif individuel pr\u00e9cis mais vous souhaitez d\u00e9couvrir la sophrologie en groupe ouvert et vous accorder un vrai moment de bien \u00eatre!","robots":{"index":"index","follow":"follow","max-snippet":"max-snippet:-1","max-image-preview":"max-image-preview:large","max-video-preview":"max-video-preview:-1"},"canonical":"https:\/\/sophrologue64.fr\/index.php\/la-sophrologie-en-groupe-ouvert\/","og_locale":"fr_FR","og_type":"article","og_title":"La sophrologie en groupe ouvert - sophrologue64.fr","og_description":"Vous n'avez pas d'objectif individuel pr\u00e9cis mais vous souhaitez d\u00e9couvrir la sophrologie en groupe ouvert et vous accorder un vrai moment de bien \u00eatre!","og_url":"https:\/\/sophrologue64.fr\/index.php\/la-sophrologie-en-groupe-ouvert\/","og_site_name":"Janick TRENELLE Sophrologue","article_publisher":"https:\/\/www.facebook.com\/janick.trenellegilleron","article_modified_time":"2021-01-15T13:29:34+00:00","og_image":[{"url":"https:\/\/sophrologue64.fr\/wp-content\/uploads\/2021\/01\/logo-remi-naissance.png","type":"","width":"","height":""}],"twitter_card":"summary_large_image","twitter_misc":{"Dur\u00e9e de lecture estim\u00e9e":"2 minutes"},"schema":{"@context":"https:\/\/schema.org","@graph":[{"@type":"WebPage","@id":"https:\/\/sophrologue64.fr\/index.php\/la-sophrologie-en-groupe-ouvert\/","url":"https:\/\/sophrologue64.fr\/index.php\/la-sophrologie-en-groupe-ouvert\/","name":"La sophrologie en groupe ouvert - sophrologue64.fr","isPartOf":{"@id":"https:\/\/sophrologue64.fr\/#website"},"primaryImageOfPage":{"@id":"https:\/\/sophrologue64.fr\/index.php\/la-sophrologie-en-groupe-ouvert\/#primaryimage"},"image":{"@id":"https:\/\/sophrologue64.fr\/index.php\/la-sophrologie-en-groupe-ouvert\/#primaryimage"},"thumbnailUrl":"https:\/\/sophrologue64.fr\/wp-content\/uploads\/2021\/01\/logo-remi-naissance.png","datePublished":"2020-06-23T16:06:31+00:00","dateModified":"2021-01-15T13:29:34+00:00","description":"Vous n'avez pas d'objectif individuel pr\u00e9cis mais vous souhaitez d\u00e9couvrir la sophrologie en groupe ouvert et vous accorder un vrai moment de bien \u00eatre!","breadcrumb":{"@id":"https:\/\/sophrologue64.fr\/index.php\/la-sophrologie-en-groupe-ouvert\/#breadcrumb"},"inLanguage":"fr-FR","potentialAction":[{"@type":"ReadAction","target":["https:\/\/sophrologue64.fr\/index.php\/la-sophrologie-en-groupe-ouvert\/"]}]},{"@type":"ImageObject","inLanguage":"fr-FR","@id":"https:\/\/sophrologue64.fr\/index.php\/la-sophrologie-en-groupe-ouvert\/#primaryimage","url":"https:\/\/sophrologue64.fr\/wp-content\/uploads\/2021\/01\/logo-remi-naissance.png","contentUrl":"https:\/\/sophrologue64.fr\/wp-content\/uploads\/2021\/01\/logo-remi-naissance.png","width":500,"height":500,"caption":"logo remi-naissance"},{"@type":"BreadcrumbList","@id":"https:\/\/sophrologue64.fr\/index.php\/la-sophrologie-en-groupe-ouvert\/#breadcrumb","itemListElement":[{"@type":"ListItem","position":1,"name":"Accueil","item":"https:\/\/sophrologue64.fr\/"},{"@type":"ListItem","position":2,"name":"Groupe Ouvert"}]},{"@type":"WebSite","@id":"https:\/\/sophrologue64.fr\/#website","url":"https:\/\/sophrologue64.fr\/","name":"Janick TRENELLE Sophrologue","description":"Votre sophrologue sur la c\u00f4te basque.","publisher":{"@id":"https:\/\/sophrologue64.fr\/#organization"},"potentialAction":[{"@type":"SearchAction","target":{"@type":"EntryPoint","urlTemplate":"https:\/\/sophrologue64.fr\/?s={search_term_string}"},"query-input":{"@type":"PropertyValueSpecification","valueRequired":true,"valueName":"search_term_string"}}],"inLanguage":"fr-FR"},{"@type":"Organization","@id":"https:\/\/sophrologue64.fr\/#organization","name":"Janick Sophrologue Villefranque","url":"https:\/\/sophrologue64.fr\/","logo":{"@type":"ImageObject","inLanguage":"fr-FR","@id":"https:\/\/sophrologue64.fr\/#\/schema\/logo\/image\/","url":"https:\/\/sophrologue64.fr\/wp-content\/uploads\/2019\/10\/LOGO-LACT-ACTION.png","contentUrl":"https:\/\/sophrologue64.fr\/wp-content\/uploads\/2019\/10\/LOGO-LACT-ACTION.png","width":2480,"height":3508,"caption":"Janick Sophrologue Villefranque"},"image":{"@id":"https:\/\/sophrologue64.fr\/#\/schema\/logo\/image\/"},"sameAs":["https:\/\/www.facebook.com\/janick.trenellegilleron","https:\/\/www.linkedin.com\/in\/janick-gilleron-0751b5129\/"]}]}},"_links":{"self":[{"href":"https:\/\/sophrologue64.fr\/index.php\/wp-json\/wp\/v2\/pages\/2022","targetHints":{"allow":["GET"]}}],"collection":[{"href":"https:\/\/sophrologue64.fr\/index.php\/wp-json\/wp\/v2\/pages"}],"about":[{"href":"https:\/\/sophrologue64.fr\/index.php\/wp-json\/wp\/v2\/types\/page"}],"author":[{"embeddable":true,"href":"https:\/\/sophrologue64.fr\/index.php\/wp-json\/wp\/v2\/users\/1"}],"replies":[{"embeddable":true,"href":"https:\/\/sophrologue64.fr\/index.php\/wp-json\/wp\/v2\/comments?post=2022"}],"version-history":[{"count":9,"href":"https:\/\/sophrologue64.fr\/index.php\/wp-json\/wp\/v2\/pages\/2022\/revisions"}],"predecessor-version":[{"id":2841,"href":"https:\/\/sophrologue64.fr\/index.php\/wp-json\/wp\/v2\/pages\/2022\/revisions\/2841"}],"wp:attachment":[{"href":"https:\/\/sophrologue64.fr\/index.php\/wp-json\/wp\/v2\/media?parent=2022"}],"curies":[{"name":"wp","href":"https:\/\/api.w.org\/{rel}","templated":true}]}}